{"id":20,"date":"2021-10-04T13:18:04","date_gmt":"2021-10-04T13:18:04","guid":{"rendered":"https:\/\/explora.crea.gov.co\/festival-de-cortos\/?page_id=20"},"modified":"2021-10-04T13:18:04","modified_gmt":"2021-10-04T13:18:04","slug":"explora-la-brujula","status":"publish","type":"page","link":"https:\/\/explora.crea.gov.co\/festival-de-cortos-2021\/explora-la-brujula\/","title":{"rendered":"Explora la br\u00fajula"},"content":{"rendered":"\n<p>La br\u00fajula es la gu\u00eda que te ayudar\u00e1 a recorrer los senderos de estos territorios, senderos que acogen palabras, sonidos e im\u00e1genes que se dibujan en nuestro pensamiento. Esta br\u00fajula te permitir\u00e1 acercarte a cada ser y cada colectivo que se quiso expresar por medio del audiovisual.<\/p>\n    \t ","protected":false},"excerpt":{"rendered":"<p>La br\u00fajula es la gu\u00eda que te ayudar\u00e1 a recorrer los senderos de estos territorios, senderos que acogen palabras, sonidos e im\u00e1genes que se dibujan en nuestro pensamiento. Esta br\u00fajula te permitir\u00e1 acercarte a cada ser y cada colectivo que se quiso expresar por medio del audiovisual.<\/p>\n","protected":false},"author":1,"featured_media":0,"parent":0,"menu_order":0,"comment_status":"closed","ping_status":"closed","template":"","meta":{"footnotes":""},"yoast_head":"<!-- This site is optimized with the Yoast SEO plugin v22.1 - https:\/\/yoast.com\/wordpress\/plugins\/seo\/ -->\n<title>Explora la br\u00fajula - Festival de Cortos<\/title>\n<meta name=\"robots\" content=\"index, follow, max-snippet:-1, max-image-preview:large, max-video-preview:-1\" \/>\n<link rel=\"canonical\" href=\"https:\/\/explora.crea.gov.co\/festival-de-cortos-2021\/explora-la-brujula\/\" \/>\n<meta property=\"og:locale\" content=\"es_ES\" \/>\n<meta property=\"og:type\" content=\"article\" \/>\n<meta property=\"og:title\" content=\"Explora la br\u00fajula - Festival de Cortos\" \/>\n<meta property=\"og:description\" content=\"La br\u00fajula es la gu\u00eda que te ayudar\u00e1 a recorrer los senderos de estos territorios, senderos que acogen palabras, sonidos e im\u00e1genes que se dibujan en nuestro pensamiento. Esta br\u00fajula te permitir\u00e1 acercarte a cada ser y cada colectivo que se quiso expresar por medio del audiovisual.\" \/>\n<meta property=\"og:url\" content=\"https:\/\/explora.crea.gov.co\/festival-de-cortos-2021\/explora-la-brujula\/\" \/>\n<meta property=\"og:site_name\" content=\"Festival de Cortos\" \/>\n<meta name=\"twitter:card\" content=\"summary_large_image\" \/>\n<meta name=\"twitter:label1\" content=\"Tiempo de lectura\" \/>\n\t<meta name=\"twitter:data1\" content=\"1 minuto\" \/>\n<script type=\"application\/ld+json\" class=\"yoast-schema-graph\">{\"@context\":\"https:\/\/schema.org\",\"@graph\":[{\"@type\":\"WebPage\",\"@id\":\"https:\/\/explora.crea.gov.co\/festival-de-cortos-2021\/explora-la-brujula\/\",\"url\":\"https:\/\/explora.crea.gov.co\/festival-de-cortos-2021\/explora-la-brujula\/\",\"name\":\"Explora la br\u00fajula - Festival de Cortos\",\"isPartOf\":{\"@id\":\"https:\/\/explora.crea.gov.co\/festival-de-cortos-2021\/#website\"},\"datePublished\":\"2021-10-04T13:18:04+00:00\",\"dateModified\":\"2021-10-04T13:18:04+00:00\",\"breadcrumb\":{\"@id\":\"https:\/\/explora.crea.gov.co\/festival-de-cortos-2021\/explora-la-brujula\/#breadcrumb\"},\"inLanguage\":\"es\",\"potentialAction\":[{\"@type\":\"ReadAction\",\"target\":[\"https:\/\/explora.crea.gov.co\/festival-de-cortos-2021\/explora-la-brujula\/\"]}]},{\"@type\":\"BreadcrumbList\",\"@id\":\"https:\/\/explora.crea.gov.co\/festival-de-cortos-2021\/explora-la-brujula\/#breadcrumb\",\"itemListElement\":[{\"@type\":\"ListItem\",\"position\":1,\"name\":\"Portada\",\"item\":\"https:\/\/explora.crea.gov.co\/festival-de-cortos-2021\/\"},{\"@type\":\"ListItem\",\"position\":2,\"name\":\"Explora la br\u00fajula\"}]},{\"@type\":\"WebSite\",\"@id\":\"https:\/\/explora.crea.gov.co\/festival-de-cortos-2021\/#website\",\"url\":\"https:\/\/explora.crea.gov.co\/festival-de-cortos-2021\/\",\"name\":\"Festival de Cortos\",\"description\":\"Micrositio Explora\",\"potentialAction\":[{\"@type\":\"SearchAction\",\"target\":{\"@type\":\"EntryPoint\",\"urlTemplate\":\"https:\/\/explora.crea.gov.co\/festival-de-cortos-2021\/?s={search_term_string}\"},\"query-input\":\"required name=search_term_string\"}],\"inLanguage\":\"es\"}]}<\/script>\n<!-- \/ Yoast SEO plugin. -->","yoast_head_json":{"title":"Explora la br\u00fajula - Festival de Cortos","robots":{"index":"index","follow":"follow","max-snippet":"max-snippet:-1","max-image-preview":"max-image-preview:large","max-video-preview":"max-video-preview:-1"},"canonical":"https:\/\/explora.crea.gov.co\/festival-de-cortos-2021\/explora-la-brujula\/","og_locale":"es_ES","og_type":"article","og_title":"Explora la br\u00fajula - Festival de Cortos","og_description":"La br\u00fajula es la gu\u00eda que te ayudar\u00e1 a recorrer los senderos de estos territorios, senderos que acogen palabras, sonidos e im\u00e1genes que se dibujan en nuestro pensamiento. Esta br\u00fajula te permitir\u00e1 acercarte a cada ser y cada colectivo que se quiso expresar por medio del audiovisual.","og_url":"https:\/\/explora.crea.gov.co\/festival-de-cortos-2021\/explora-la-brujula\/","og_site_name":"Festival de Cortos","twitter_card":"summary_large_image","twitter_misc":{"Tiempo de lectura":"1 minuto"},"schema":{"@context":"https:\/\/schema.org","@graph":[{"@type":"WebPage","@id":"https:\/\/explora.crea.gov.co\/festival-de-cortos-2021\/explora-la-brujula\/","url":"https:\/\/explora.crea.gov.co\/festival-de-cortos-2021\/explora-la-brujula\/","name":"Explora la br\u00fajula - Festival de Cortos","isPartOf":{"@id":"https:\/\/explora.crea.gov.co\/festival-de-cortos-2021\/#website"},"datePublished":"2021-10-04T13:18:04+00:00","dateModified":"2021-10-04T13:18:04+00:00","breadcrumb":{"@id":"https:\/\/explora.crea.gov.co\/festival-de-cortos-2021\/explora-la-brujula\/#breadcrumb"},"inLanguage":"es","potentialAction":[{"@type":"ReadAction","target":["https:\/\/explora.crea.gov.co\/festival-de-cortos-2021\/explora-la-brujula\/"]}]},{"@type":"BreadcrumbList","@id":"https:\/\/explora.crea.gov.co\/festival-de-cortos-2021\/explora-la-brujula\/#breadcrumb","itemListElement":[{"@type":"ListItem","position":1,"name":"Portada","item":"https:\/\/explora.crea.gov.co\/festival-de-cortos-2021\/"},{"@type":"ListItem","position":2,"name":"Explora la br\u00fajula"}]},{"@type":"WebSite","@id":"https:\/\/explora.crea.gov.co\/festival-de-cortos-2021\/#website","url":"https:\/\/explora.crea.gov.co\/festival-de-cortos-2021\/","name":"Festival de Cortos","description":"Micrositio Explora","potentialAction":[{"@type":"SearchAction","target":{"@type":"EntryPoint","urlTemplate":"https:\/\/explora.crea.gov.co\/festival-de-cortos-2021\/?s={search_term_string}"},"query-input":"required name=search_term_string"}],"inLanguage":"es"}]}},"_links":{"self":[{"href":"https:\/\/explora.crea.gov.co\/festival-de-cortos-2021\/wp-json\/wp\/v2\/pages\/20"}],"collection":[{"href":"https:\/\/explora.crea.gov.co\/festival-de-cortos-2021\/wp-json\/wp\/v2\/pages"}],"about":[{"href":"https:\/\/explora.crea.gov.co\/festival-de-cortos-2021\/wp-json\/wp\/v2\/types\/page"}],"author":[{"embeddable":true,"href":"https:\/\/explora.crea.gov.co\/festival-de-cortos-2021\/wp-json\/wp\/v2\/users\/1"}],"replies":[{"embeddable":true,"href":"https:\/\/explora.crea.gov.co\/festival-de-cortos-2021\/wp-json\/wp\/v2\/comments?post=20"}],"version-history":[{"count":0,"href":"https:\/\/explora.crea.gov.co\/festival-de-cortos-2021\/wp-json\/wp\/v2\/pages\/20\/revisions"}],"wp:attachment":[{"href":"https:\/\/explora.crea.gov.co\/festival-de-cortos-2021\/wp-json\/wp\/v2\/media?parent=20"}],"curies":[{"name":"wp","href":"https:\/\/api.w.org\/{rel}","templated":true}]}}