{"id":3765,"date":"2020-06-03T21:23:14","date_gmt":"2020-06-04T02:23:14","guid":{"rendered":"http:\/\/localhost\/crea_site\/?page_id=3765"},"modified":"2020-06-03T21:23:14","modified_gmt":"2020-06-04T02:23:14","slug":"capsulas","status":"publish","type":"page","link":"https:\/\/explora.crea.gov.co\/festival-de-cortos-2020\/capsulas\/","title":{"rendered":"C\u00e1psulas"},"content":{"rendered":"\n<p>\u00a1Hola viajero interestelar!<\/p>\n\n\n\n<p>En este espacio encontrar\u00e1s la huella de otros viajeros.<\/p>\n\n\n\n<p>Aqu\u00ed podr\u00e1s conocer a integrantes de otros colectivos, lo que piensan y sienten.<\/p>\n\n\n\n<p>Si quieres ser parte de este espacio env\u00edanos tu video&nbsp; a circulacionfestivales10@gmail.com, respondiendo las siguientes preguntas:&nbsp;<\/p>\n\n\n\n<p>1 \u00bfQui\u00e9n es Hercio?<\/p>\n\n\n\n<p>2 \u00bfQu\u00e9 esperas encontrar en los mundos?&nbsp;<\/p>\n\n\n\n<p>3 \u00bfQu\u00e9 realizaci\u00f3n audiovisual entreg\u00f3 tu grupo para el Festival de Cortos Crea?&nbsp;&nbsp;<\/p>\n\n\n\n<p>4 \u00bfQu\u00e9 opini\u00f3n tienes sobre las clases virtuales?<\/p>\n\n\n\n<p>\u00a1y pronto har\u00e1s parte de esta experiencia!<br><\/p>\n    \t    \t ","protected":false},"excerpt":{"rendered":"<p>\u00a1Hola viajero interestelar! En este espacio encontrar\u00e1s la huella de otros viajeros. Aqu\u00ed podr\u00e1s conocer a integrantes de otros colectivos, lo que piensan y sienten. Si quieres ser parte de este espacio env\u00edanos tu video&nbsp; a circulacionfestivales10@gmail.com, respondiendo las siguientes preguntas:&nbsp; 1 \u00bfQui\u00e9n es Hercio? 2 \u00bfQu\u00e9 esperas encontrar en los mundos?&nbsp; 3 \u00bfQu\u00e9 realizaci\u00f3n [&hellip;]<\/p>\n","protected":false},"author":1,"featured_media":0,"parent":0,"menu_order":0,"comment_status":"closed","ping_status":"closed","template":"","meta":{"footnotes":""},"yoast_head":"<!-- This site is optimized with the Yoast SEO plugin v22.1 - https:\/\/yoast.com\/wordpress\/plugins\/seo\/ -->\n<title>C\u00e1psulas - Festival de Cortos 2020<\/title>\n<meta name=\"robots\" content=\"index, follow, max-snippet:-1, max-image-preview:large, max-video-preview:-1\" \/>\n<link rel=\"canonical\" href=\"https:\/\/explora.crea.gov.co\/festival-de-cortos-2020\/capsulas\/\" \/>\n<meta property=\"og:locale\" content=\"es_ES\" \/>\n<meta property=\"og:type\" content=\"article\" \/>\n<meta property=\"og:title\" content=\"C\u00e1psulas - Festival de Cortos 2020\" \/>\n<meta property=\"og:description\" content=\"\u00a1Hola viajero interestelar! En este espacio encontrar\u00e1s la huella de otros viajeros. Aqu\u00ed podr\u00e1s conocer a integrantes de otros colectivos, lo que piensan y sienten. Si quieres ser parte de este espacio env\u00edanos tu video&nbsp; a circulacionfestivales10@gmail.com, respondiendo las siguientes preguntas:&nbsp; 1 \u00bfQui\u00e9n es Hercio? 2 \u00bfQu\u00e9 esperas encontrar en los mundos?&nbsp; 3 \u00bfQu\u00e9 realizaci\u00f3n [&hellip;]\" \/>\n<meta property=\"og:url\" content=\"https:\/\/explora.crea.gov.co\/festival-de-cortos-2020\/capsulas\/\" \/>\n<meta property=\"og:site_name\" content=\"Festival de Cortos 2020\" \/>\n<meta name=\"twitter:card\" content=\"summary_large_image\" \/>\n<script type=\"application\/ld+json\" class=\"yoast-schema-graph\">{\"@context\":\"https:\/\/schema.org\",\"@graph\":[{\"@type\":\"WebPage\",\"@id\":\"https:\/\/explora.crea.gov.co\/festival-de-cortos-2020\/capsulas\/\",\"url\":\"https:\/\/explora.crea.gov.co\/festival-de-cortos-2020\/capsulas\/\",\"name\":\"C\u00e1psulas - Festival de Cortos 2020\",\"isPartOf\":{\"@id\":\"https:\/\/explora.crea.gov.co\/festival-de-cortos-2020\/#website\"},\"datePublished\":\"2020-06-04T02:23:14+00:00\",\"dateModified\":\"2020-06-04T02:23:14+00:00\",\"breadcrumb\":{\"@id\":\"https:\/\/explora.crea.gov.co\/festival-de-cortos-2020\/capsulas\/#breadcrumb\"},\"inLanguage\":\"es\",\"potentialAction\":[{\"@type\":\"ReadAction\",\"target\":[\"https:\/\/explora.crea.gov.co\/festival-de-cortos-2020\/capsulas\/\"]}]},{\"@type\":\"BreadcrumbList\",\"@id\":\"https:\/\/explora.crea.gov.co\/festival-de-cortos-2020\/capsulas\/#breadcrumb\",\"itemListElement\":[{\"@type\":\"ListItem\",\"position\":1,\"name\":\"Portada\",\"item\":\"https:\/\/explora.crea.gov.co\/festival-de-cortos-2020\/\"},{\"@type\":\"ListItem\",\"position\":2,\"name\":\"C\u00e1psulas\"}]},{\"@type\":\"WebSite\",\"@id\":\"https:\/\/explora.crea.gov.co\/festival-de-cortos-2020\/#website\",\"url\":\"https:\/\/explora.crea.gov.co\/festival-de-cortos-2020\/\",\"name\":\"Festival de Cortos 2020\",\"description\":\"Explora Crea Micrositios\",\"potentialAction\":[{\"@type\":\"SearchAction\",\"target\":{\"@type\":\"EntryPoint\",\"urlTemplate\":\"https:\/\/explora.crea.gov.co\/festival-de-cortos-2020\/?s={search_term_string}\"},\"query-input\":\"required name=search_term_string\"}],\"inLanguage\":\"es\"}]}<\/script>\n<!-- \/ Yoast SEO plugin. -->","yoast_head_json":{"title":"C\u00e1psulas - Festival de Cortos 2020","robots":{"index":"index","follow":"follow","max-snippet":"max-snippet:-1","max-image-preview":"max-image-preview:large","max-video-preview":"max-video-preview:-1"},"canonical":"https:\/\/explora.crea.gov.co\/festival-de-cortos-2020\/capsulas\/","og_locale":"es_ES","og_type":"article","og_title":"C\u00e1psulas - Festival de Cortos 2020","og_description":"\u00a1Hola viajero interestelar! En este espacio encontrar\u00e1s la huella de otros viajeros. Aqu\u00ed podr\u00e1s conocer a integrantes de otros colectivos, lo que piensan y sienten. Si quieres ser parte de este espacio env\u00edanos tu video&nbsp; a circulacionfestivales10@gmail.com, respondiendo las siguientes preguntas:&nbsp; 1 \u00bfQui\u00e9n es Hercio? 2 \u00bfQu\u00e9 esperas encontrar en los mundos?&nbsp; 3 \u00bfQu\u00e9 realizaci\u00f3n [&hellip;]","og_url":"https:\/\/explora.crea.gov.co\/festival-de-cortos-2020\/capsulas\/","og_site_name":"Festival de Cortos 2020","twitter_card":"summary_large_image","schema":{"@context":"https:\/\/schema.org","@graph":[{"@type":"WebPage","@id":"https:\/\/explora.crea.gov.co\/festival-de-cortos-2020\/capsulas\/","url":"https:\/\/explora.crea.gov.co\/festival-de-cortos-2020\/capsulas\/","name":"C\u00e1psulas - Festival de Cortos 2020","isPartOf":{"@id":"https:\/\/explora.crea.gov.co\/festival-de-cortos-2020\/#website"},"datePublished":"2020-06-04T02:23:14+00:00","dateModified":"2020-06-04T02:23:14+00:00","breadcrumb":{"@id":"https:\/\/explora.crea.gov.co\/festival-de-cortos-2020\/capsulas\/#breadcrumb"},"inLanguage":"es","potentialAction":[{"@type":"ReadAction","target":["https:\/\/explora.crea.gov.co\/festival-de-cortos-2020\/capsulas\/"]}]},{"@type":"BreadcrumbList","@id":"https:\/\/explora.crea.gov.co\/festival-de-cortos-2020\/capsulas\/#breadcrumb","itemListElement":[{"@type":"ListItem","position":1,"name":"Portada","item":"https:\/\/explora.crea.gov.co\/festival-de-cortos-2020\/"},{"@type":"ListItem","position":2,"name":"C\u00e1psulas"}]},{"@type":"WebSite","@id":"https:\/\/explora.crea.gov.co\/festival-de-cortos-2020\/#website","url":"https:\/\/explora.crea.gov.co\/festival-de-cortos-2020\/","name":"Festival de Cortos 2020","description":"Explora Crea Micrositios","potentialAction":[{"@type":"SearchAction","target":{"@type":"EntryPoint","urlTemplate":"https:\/\/explora.crea.gov.co\/festival-de-cortos-2020\/?s={search_term_string}"},"query-input":"required name=search_term_string"}],"inLanguage":"es"}]}},"_links":{"self":[{"href":"https:\/\/explora.crea.gov.co\/festival-de-cortos-2020\/wp-json\/wp\/v2\/pages\/3765"}],"collection":[{"href":"https:\/\/explora.crea.gov.co\/festival-de-cortos-2020\/wp-json\/wp\/v2\/pages"}],"about":[{"href":"https:\/\/explora.crea.gov.co\/festival-de-cortos-2020\/wp-json\/wp\/v2\/types\/page"}],"author":[{"embeddable":true,"href":"https:\/\/explora.crea.gov.co\/festival-de-cortos-2020\/wp-json\/wp\/v2\/users\/1"}],"replies":[{"embeddable":true,"href":"https:\/\/explora.crea.gov.co\/festival-de-cortos-2020\/wp-json\/wp\/v2\/comments?post=3765"}],"version-history":[{"count":0,"href":"https:\/\/explora.crea.gov.co\/festival-de-cortos-2020\/wp-json\/wp\/v2\/pages\/3765\/revisions"}],"wp:attachment":[{"href":"https:\/\/explora.crea.gov.co\/festival-de-cortos-2020\/wp-json\/wp\/v2\/media?parent=3765"}],"curies":[{"name":"wp","href":"https:\/\/api.w.org\/{rel}","templated":true}]}}